{"id":13308,"date":"2022-06-09T23:08:23","date_gmt":"2022-06-09T21:08:23","guid":{"rendered":"https:\/\/lareiras.es\/?page_id=13308"},"modified":"2022-09-12T14:44:36","modified_gmt":"2022-09-12T12:44:36","slug":"receitas-vexetais","status":"publish","type":"page","link":"https:\/\/lareiras.gal\/gl\/receitas-vexetais\/","title":{"rendered":"Receitas &#8211; Vexetais"},"content":{"rendered":"\n<p><\/p>\n<div class=\"wpv-view-output\" data-toolset-views-view-editor=\"a51e6b96245d7d78eda8beccb0635b76\"><div class=\"wp-block-toolset-views-view-editor\"><div id=\"wpv-view-layout-7479\" class=\"js-wpv-view-layout js-wpv-layout-responsive js-wpv-view-layout-7479 wpv-pagination js-wpv-layout-has-pagination wpv-pagination-preload-images js-wpv-layout-preload-images wpv-pagination-preload-pages js-wpv-layout-preload-pages\" style=\"visibility:hidden;\" data-viewnumber=\"7479\" data-pagination=\"{&quot;id&quot;:7479,&quot;query&quot;:&quot;normal&quot;,&quot;type&quot;:&quot;ajaxed&quot;,&quot;effect&quot;:&quot;fade&quot;,&quot;duration&quot;:500,&quot;speed&quot;:5,&quot;pause_on_hover&quot;:&quot;disabled&quot;,&quot;stop_rollover&quot;:&quot;false&quot;,&quot;cache_pages&quot;:&quot;enabled&quot;,&quot;preload_images&quot;:&quot;enabled&quot;,&quot;preload_pages&quot;:&quot;enabled&quot;,&quot;preload_reach&quot;:1,&quot;spinner&quot;:&quot;disabled&quot;,&quot;spinner_image&quot;:&quot;https:\/\/lareiras.gal\/wp-content\/plugins\/toolset-blocks\/embedded\/res\/img\/ajax-loader.svg&quot;,&quot;callback_next&quot;:&quot;&quot;,&quot;manage_history&quot;:&quot;enabled&quot;,&quot;has_controls_in_form&quot;:&quot;disabled&quot;,&quot;infinite_tolerance&quot;:&quot;0&quot;,&quot;max_pages&quot;:2,&quot;page&quot;:1,&quot;base_permalink&quot;:&quot;\/gl\/wp-json\/wp\/v2\/pages\/13308?wpv_view_count=7479&amp;wpv_paged=WPV_PAGE_NUM&quot;,&quot;loop&quot;:{&quot;type&quot;:&quot;&quot;,&quot;name&quot;:&quot;&quot;,&quot;data&quot;:[],&quot;id&quot;:0}}\" data-permalink=\"\/gl\/wp-json\/wp\/v2\/pages\/13308?wpv_view_count=7479\">\n\n<div class=\"js-wpv-loop-wrapper\"><div class=\"tb-grid\"><div class=\"tb-grid-column\">\n\n<div class=\"wp-block-toolset-views-view-template-block wpv-block-loop-item php-to-be-replaced-with-shortcode\" data-toolset-views-view-template-block=\"f7624c124cc86336f4acd1682f08ee39\">\n<div id=\"loop-categoria\" class=\"wp-block-toolset-blocks-container tb-container aligncenter\" data-toolset-blocks-container=\"d587e8d66fca6f2f7494ad888340b990\"><div class=\"wp-block-image\">\n<figure class=\" tb-image tb-image-dynamic tb-image-frame-none aligncenter\" data-toolset-blocks-image=\"35b77c28b8db9564e26b90cd1ea3452e\"><a href=\"https:\/\/lareiras.gal\/gl\/recipe\/albondegas-de-grelos-ao-allo\/\"><img decoding=\"async\" width=\"1600\" height=\"900\" loading=\"lazy\" src=\"https:\/\/lareiras.gal\/wp-content\/uploads\/2021\/03\/grelos-albondigas.jpg\" alt=\"Alb\u00f3ndegas de grelos ao allo\" class=\"wp-image-858\" srcset=\"https:\/\/lareiras.gal\/wp-content\/uploads\/2021\/03\/grelos-albondigas.jpg 1600w, https:\/\/lareiras.gal\/wp-content\/uploads\/2021\/03\/grelos-albondigas-300x169.jpg 300w, https:\/\/lareiras.gal\/wp-content\/uploads\/2021\/03\/grelos-albondigas-1024x576.jpg 1024w, https:\/\/lareiras.gal\/wp-content\/uploads\/2021\/03\/grelos-albondigas-768x432.jpg 768w, https:\/\/lareiras.gal\/wp-content\/uploads\/2021\/03\/grelos-albondigas-1536x864.jpg 1536w, https:\/\/lareiras.gal\/wp-content\/uploads\/2021\/03\/grelos-albondigas-480x270.jpg 480w, https:\/\/lareiras.gal\/wp-content\/uploads\/2021\/03\/grelos-albondigas-1568x882.jpg 1568w\" sizes=\"auto, (max-width: 1600px) 100vw, 1600px\" \/><\/a><\/figure>\n<\/div>\n\n\n<div id=\"tit-receita\" class=\"tb-field\" data-toolset-blocks-field=\"9fae69954c44cf4dbd7bfbb8e6c06272\" data-last-update=\"1.4\"><a href=\"https:\/\/lareiras.gal\/gl\/recipe\/albondegas-de-grelos-ao-allo\/\">Alb\u00f3ndegas de grelos ao allo<\/a><\/div>\n<\/div>\n<\/div>\n\n<\/div><div class=\"tb-grid-column\">\n\n<div class=\"wp-block-toolset-views-view-template-block wpv-block-loop-item php-to-be-replaced-with-shortcode\" data-toolset-views-view-template-block=\"f7624c124cc86336f4acd1682f08ee39\">\n<div id=\"loop-categoria\" class=\"wp-block-toolset-blocks-container tb-container aligncenter\" data-toolset-blocks-container=\"d587e8d66fca6f2f7494ad888340b990\"><div class=\"wp-block-image\">\n<figure class=\" tb-image tb-image-dynamic tb-image-frame-none aligncenter\" data-toolset-blocks-image=\"35b77c28b8db9564e26b90cd1ea3452e\"><a href=\"https:\/\/lareiras.gal\/gl\/recipe\/arroz-con-algas\/\"><img decoding=\"async\" width=\"1600\" height=\"900\" loading=\"lazy\" src=\"https:\/\/lareiras.gal\/wp-content\/uploads\/2021\/03\/arroz-algas.jpg\" alt=\"Arroz con algas\" class=\"wp-image-1075\" srcset=\"https:\/\/lareiras.gal\/wp-content\/uploads\/2021\/03\/arroz-algas.jpg 1600w, https:\/\/lareiras.gal\/wp-content\/uploads\/2021\/03\/arroz-algas-300x169.jpg 300w, https:\/\/lareiras.gal\/wp-content\/uploads\/2021\/03\/arroz-algas-1024x576.jpg 1024w, https:\/\/lareiras.gal\/wp-content\/uploads\/2021\/03\/arroz-algas-768x432.jpg 768w, https:\/\/lareiras.gal\/wp-content\/uploads\/2021\/03\/arroz-algas-1536x864.jpg 1536w, https:\/\/lareiras.gal\/wp-content\/uploads\/2021\/03\/arroz-algas-480x270.jpg 480w, https:\/\/lareiras.gal\/wp-content\/uploads\/2021\/03\/arroz-algas-1568x882.jpg 1568w\" sizes=\"auto, (max-width: 1600px) 100vw, 1600px\" \/><\/a><\/figure>\n<\/div>\n\n\n<div id=\"tit-receita\" class=\"tb-field\" data-toolset-blocks-field=\"9fae69954c44cf4dbd7bfbb8e6c06272\" data-last-update=\"1.4\"><a href=\"https:\/\/lareiras.gal\/gl\/recipe\/arroz-con-algas\/\">Arroz con algas<\/a><\/div>\n<\/div>\n<\/div>\n\n<\/div><div class=\"tb-grid-column\">\n\n<div class=\"wp-block-toolset-views-view-template-block wpv-block-loop-item php-to-be-replaced-with-shortcode\" data-toolset-views-view-template-block=\"f7624c124cc86336f4acd1682f08ee39\">\n<div id=\"loop-categoria\" class=\"wp-block-toolset-blocks-container tb-container aligncenter\" data-toolset-blocks-container=\"d587e8d66fca6f2f7494ad888340b990\"><div class=\"wp-block-image\">\n<figure class=\" tb-image tb-image-dynamic tb-image-frame-none aligncenter\" data-toolset-blocks-image=\"35b77c28b8db9564e26b90cd1ea3452e\"><a href=\"https:\/\/lareiras.gal\/gl\/recipe\/arroz-con-polo-e-verduras\/\"><img decoding=\"async\" width=\"1600\" height=\"900\" loading=\"lazy\" src=\"https:\/\/lareiras.gal\/wp-content\/uploads\/2021\/03\/arroz-pollo-verduras.jpg\" alt=\"Arroz con polo e verduras\" class=\"wp-image-618\" srcset=\"https:\/\/lareiras.gal\/wp-content\/uploads\/2021\/03\/arroz-pollo-verduras.jpg 1600w, https:\/\/lareiras.gal\/wp-content\/uploads\/2021\/03\/arroz-pollo-verduras-300x169.jpg 300w, https:\/\/lareiras.gal\/wp-content\/uploads\/2021\/03\/arroz-pollo-verduras-1024x576.jpg 1024w, https:\/\/lareiras.gal\/wp-content\/uploads\/2021\/03\/arroz-pollo-verduras-768x432.jpg 768w, https:\/\/lareiras.gal\/wp-content\/uploads\/2021\/03\/arroz-pollo-verduras-1536x864.jpg 1536w, https:\/\/lareiras.gal\/wp-content\/uploads\/2021\/03\/arroz-pollo-verduras-480x270.jpg 480w, https:\/\/lareiras.gal\/wp-content\/uploads\/2021\/03\/arroz-pollo-verduras-1568x882.jpg 1568w\" sizes=\"auto, (max-width: 1600px) 100vw, 1600px\" \/><\/a><\/figure>\n<\/div>\n\n\n<div id=\"tit-receita\" class=\"tb-field\" data-toolset-blocks-field=\"9fae69954c44cf4dbd7bfbb8e6c06272\" data-last-update=\"1.4\"><a href=\"https:\/\/lareiras.gal\/gl\/recipe\/arroz-con-polo-e-verduras\/\">Arroz con polo e verduras<\/a><\/div>\n<\/div>\n<\/div>\n\n<\/div><div class=\"tb-grid-column\">\n\n<div class=\"wp-block-toolset-views-view-template-block wpv-block-loop-item php-to-be-replaced-with-shortcode\" data-toolset-views-view-template-block=\"f7624c124cc86336f4acd1682f08ee39\">\n<div id=\"loop-categoria\" class=\"wp-block-toolset-blocks-container tb-container aligncenter\" data-toolset-blocks-container=\"d587e8d66fca6f2f7494ad888340b990\"><div class=\"wp-block-image\">\n<figure class=\" tb-image tb-image-dynamic tb-image-frame-none aligncenter\" data-toolset-blocks-image=\"35b77c28b8db9564e26b90cd1ea3452e\"><a href=\"https:\/\/lareiras.gal\/gl\/recipe\/arroz-con-verduras-ao-curry\/\"><img decoding=\"async\" width=\"1600\" height=\"900\" loading=\"lazy\" src=\"https:\/\/lareiras.gal\/wp-content\/uploads\/2021\/03\/arroz-verduras-curry.jpg\" alt=\"Arroz con verduras ao curry\" class=\"wp-image-581\" srcset=\"https:\/\/lareiras.gal\/wp-content\/uploads\/2021\/03\/arroz-verduras-curry.jpg 1600w, https:\/\/lareiras.gal\/wp-content\/uploads\/2021\/03\/arroz-verduras-curry-300x169.jpg 300w, https:\/\/lareiras.gal\/wp-content\/uploads\/2021\/03\/arroz-verduras-curry-1024x576.jpg 1024w, https:\/\/lareiras.gal\/wp-content\/uploads\/2021\/03\/arroz-verduras-curry-768x432.jpg 768w, https:\/\/lareiras.gal\/wp-content\/uploads\/2021\/03\/arroz-verduras-curry-1536x864.jpg 1536w, https:\/\/lareiras.gal\/wp-content\/uploads\/2021\/03\/arroz-verduras-curry-480x270.jpg 480w, https:\/\/lareiras.gal\/wp-content\/uploads\/2021\/03\/arroz-verduras-curry-1568x882.jpg 1568w\" sizes=\"auto, (max-width: 1600px) 100vw, 1600px\" \/><\/a><\/figure>\n<\/div>\n\n\n<div id=\"tit-receita\" class=\"tb-field\" data-toolset-blocks-field=\"9fae69954c44cf4dbd7bfbb8e6c06272\" data-last-update=\"1.4\"><a href=\"https:\/\/lareiras.gal\/gl\/recipe\/arroz-con-verduras-ao-curry\/\">Arroz con verduras ao curry<\/a><\/div>\n<\/div>\n<\/div>\n\n<\/div><div class=\"tb-grid-column\">\n\n<div class=\"wp-block-toolset-views-view-template-block wpv-block-loop-item php-to-be-replaced-with-shortcode\" data-toolset-views-view-template-block=\"f7624c124cc86336f4acd1682f08ee39\">\n<div id=\"loop-categoria\" class=\"wp-block-toolset-blocks-container tb-container aligncenter\" data-toolset-blocks-container=\"d587e8d66fca6f2f7494ad888340b990\"><div class=\"wp-block-image\">\n<figure class=\" tb-image tb-image-dynamic tb-image-frame-none aligncenter\" data-toolset-blocks-image=\"35b77c28b8db9564e26b90cd1ea3452e\"><a href=\"https:\/\/lareiras.gal\/gl\/recipe\/bocadinos-de-tomate\/\"><img decoding=\"async\" width=\"1600\" height=\"900\" loading=\"lazy\" src=\"https:\/\/lareiras.gal\/wp-content\/uploads\/2021\/03\/tomatejos.jpg\" alt=\"Bocadi\u00f1os de tomate\" class=\"wp-image-1047\" srcset=\"https:\/\/lareiras.gal\/wp-content\/uploads\/2021\/03\/tomatejos.jpg 1600w, https:\/\/lareiras.gal\/wp-content\/uploads\/2021\/03\/tomatejos-300x169.jpg 300w, https:\/\/lareiras.gal\/wp-content\/uploads\/2021\/03\/tomatejos-1024x576.jpg 1024w, https:\/\/lareiras.gal\/wp-content\/uploads\/2021\/03\/tomatejos-768x432.jpg 768w, https:\/\/lareiras.gal\/wp-content\/uploads\/2021\/03\/tomatejos-1536x864.jpg 1536w, https:\/\/lareiras.gal\/wp-content\/uploads\/2021\/03\/tomatejos-480x270.jpg 480w, https:\/\/lareiras.gal\/wp-content\/uploads\/2021\/03\/tomatejos-1568x882.jpg 1568w\" sizes=\"auto, (max-width: 1600px) 100vw, 1600px\" \/><\/a><\/figure>\n<\/div>\n\n\n<div id=\"tit-receita\" class=\"tb-field\" data-toolset-blocks-field=\"9fae69954c44cf4dbd7bfbb8e6c06272\" data-last-update=\"1.4\"><a href=\"https:\/\/lareiras.gal\/gl\/recipe\/bocadinos-de-tomate\/\">Bocadi\u00f1os de tomate<\/a><\/div>\n<\/div>\n<\/div>\n\n<\/div><div class=\"tb-grid-column\">\n\n<div class=\"wp-block-toolset-views-view-template-block wpv-block-loop-item php-to-be-replaced-with-shortcode\" data-toolset-views-view-template-block=\"f7624c124cc86336f4acd1682f08ee39\">\n<div id=\"loop-categoria\" class=\"wp-block-toolset-blocks-container tb-container aligncenter\" data-toolset-blocks-container=\"d587e8d66fca6f2f7494ad888340b990\"><div class=\"wp-block-image\">\n<figure class=\" tb-image tb-image-dynamic tb-image-frame-none aligncenter\" data-toolset-blocks-image=\"35b77c28b8db9564e26b90cd1ea3452e\"><a href=\"https:\/\/lareiras.gal\/gl\/recipe\/budin-de-grelos\/\"><img decoding=\"async\" width=\"1600\" height=\"900\" loading=\"lazy\" src=\"https:\/\/lareiras.gal\/wp-content\/uploads\/2021\/03\/budin-grelos.jpg\" alt=\"Bud\u00edn de grelos\" class=\"wp-image-786\" srcset=\"https:\/\/lareiras.gal\/wp-content\/uploads\/2021\/03\/budin-grelos.jpg 1600w, https:\/\/lareiras.gal\/wp-content\/uploads\/2021\/03\/budin-grelos-300x169.jpg 300w, https:\/\/lareiras.gal\/wp-content\/uploads\/2021\/03\/budin-grelos-1024x576.jpg 1024w, https:\/\/lareiras.gal\/wp-content\/uploads\/2021\/03\/budin-grelos-768x432.jpg 768w, https:\/\/lareiras.gal\/wp-content\/uploads\/2021\/03\/budin-grelos-1536x864.jpg 1536w, https:\/\/lareiras.gal\/wp-content\/uploads\/2021\/03\/budin-grelos-480x270.jpg 480w, https:\/\/lareiras.gal\/wp-content\/uploads\/2021\/03\/budin-grelos-1568x882.jpg 1568w\" sizes=\"auto, (max-width: 1600px) 100vw, 1600px\" \/><\/a><\/figure>\n<\/div>\n\n\n<div id=\"tit-receita\" class=\"tb-field\" data-toolset-blocks-field=\"9fae69954c44cf4dbd7bfbb8e6c06272\" data-last-update=\"1.4\"><a href=\"https:\/\/lareiras.gal\/gl\/recipe\/budin-de-grelos\/\">Bud\u00edn de grelos<\/a><\/div>\n<\/div>\n<\/div>\n\n<\/div><div class=\"tb-grid-column\">\n\n<div class=\"wp-block-toolset-views-view-template-block wpv-block-loop-item php-to-be-replaced-with-shortcode\" data-toolset-views-view-template-block=\"f7624c124cc86336f4acd1682f08ee39\">\n<div id=\"loop-categoria\" class=\"wp-block-toolset-blocks-container tb-container aligncenter\" data-toolset-blocks-container=\"d587e8d66fca6f2f7494ad888340b990\"><div class=\"wp-block-image\">\n<figure class=\" tb-image tb-image-dynamic tb-image-frame-none aligncenter\" data-toolset-blocks-image=\"35b77c28b8db9564e26b90cd1ea3452e\"><a href=\"https:\/\/lareiras.gal\/gl\/recipe\/cabacinas-recheas-de-atun\/\"><img decoding=\"async\" width=\"1600\" height=\"900\" loading=\"lazy\" src=\"https:\/\/lareiras.gal\/wp-content\/uploads\/2021\/03\/calabacines-atun.jpg\" alt=\"Cabaci\u00f1as recheas de at\u00fan\" class=\"wp-image-1027\" srcset=\"https:\/\/lareiras.gal\/wp-content\/uploads\/2021\/03\/calabacines-atun.jpg 1600w, https:\/\/lareiras.gal\/wp-content\/uploads\/2021\/03\/calabacines-atun-300x169.jpg 300w, https:\/\/lareiras.gal\/wp-content\/uploads\/2021\/03\/calabacines-atun-1024x576.jpg 1024w, https:\/\/lareiras.gal\/wp-content\/uploads\/2021\/03\/calabacines-atun-768x432.jpg 768w, https:\/\/lareiras.gal\/wp-content\/uploads\/2021\/03\/calabacines-atun-1536x864.jpg 1536w, https:\/\/lareiras.gal\/wp-content\/uploads\/2021\/03\/calabacines-atun-480x270.jpg 480w, https:\/\/lareiras.gal\/wp-content\/uploads\/2021\/03\/calabacines-atun-1568x882.jpg 1568w\" sizes=\"auto, (max-width: 1600px) 100vw, 1600px\" \/><\/a><\/figure>\n<\/div>\n\n\n<div id=\"tit-receita\" class=\"tb-field\" data-toolset-blocks-field=\"9fae69954c44cf4dbd7bfbb8e6c06272\" data-last-update=\"1.4\"><a href=\"https:\/\/lareiras.gal\/gl\/recipe\/cabacinas-recheas-de-atun\/\">Cabaci\u00f1as recheas de at\u00fan<\/a><\/div>\n<\/div>\n<\/div>\n\n<\/div><div class=\"tb-grid-column\">\n\n<div class=\"wp-block-toolset-views-view-template-block wpv-block-loop-item php-to-be-replaced-with-shortcode\" data-toolset-views-view-template-block=\"f7624c124cc86336f4acd1682f08ee39\">\n<div id=\"loop-categoria\" class=\"wp-block-toolset-blocks-container tb-container aligncenter\" data-toolset-blocks-container=\"d587e8d66fca6f2f7494ad888340b990\"><div class=\"wp-block-image\">\n<figure class=\" tb-image tb-image-dynamic tb-image-frame-none aligncenter\" data-toolset-blocks-image=\"35b77c28b8db9564e26b90cd1ea3452e\"><a href=\"https:\/\/lareiras.gal\/gl\/recipe\/cachelos-1\/\"><img decoding=\"async\" width=\"1600\" height=\"900\" loading=\"lazy\" src=\"https:\/\/lareiras.gal\/wp-content\/uploads\/2021\/03\/cachelos.jpg\" alt=\"Cachelos\" class=\"wp-image-519\" srcset=\"https:\/\/lareiras.gal\/wp-content\/uploads\/2021\/03\/cachelos.jpg 1600w, https:\/\/lareiras.gal\/wp-content\/uploads\/2021\/03\/cachelos-300x169.jpg 300w, https:\/\/lareiras.gal\/wp-content\/uploads\/2021\/03\/cachelos-1024x576.jpg 1024w, https:\/\/lareiras.gal\/wp-content\/uploads\/2021\/03\/cachelos-768x432.jpg 768w, https:\/\/lareiras.gal\/wp-content\/uploads\/2021\/03\/cachelos-1536x864.jpg 1536w, https:\/\/lareiras.gal\/wp-content\/uploads\/2021\/03\/cachelos-480x270.jpg 480w, https:\/\/lareiras.gal\/wp-content\/uploads\/2021\/03\/cachelos-1568x882.jpg 1568w\" sizes=\"auto, (max-width: 1600px) 100vw, 1600px\" \/><\/a><\/figure>\n<\/div>\n\n\n<div id=\"tit-receita\" class=\"tb-field\" data-toolset-blocks-field=\"9fae69954c44cf4dbd7bfbb8e6c06272\" data-last-update=\"1.4\"><a href=\"https:\/\/lareiras.gal\/gl\/recipe\/cachelos-1\/\">Cachelos<\/a><\/div>\n<\/div>\n<\/div>\n\n<\/div><div class=\"tb-grid-column\">\n\n<div class=\"wp-block-toolset-views-view-template-block wpv-block-loop-item php-to-be-replaced-with-shortcode\" data-toolset-views-view-template-block=\"f7624c124cc86336f4acd1682f08ee39\">\n<div id=\"loop-categoria\" class=\"wp-block-toolset-blocks-container tb-container aligncenter\" data-toolset-blocks-container=\"d587e8d66fca6f2f7494ad888340b990\"><div class=\"wp-block-image\">\n<figure class=\" tb-image tb-image-dynamic tb-image-frame-none aligncenter\" data-toolset-blocks-image=\"35b77c28b8db9564e26b90cd1ea3452e\"><a href=\"https:\/\/lareiras.gal\/gl\/recipe\/caldo-de-grelos-de-siseta\/\"><img decoding=\"async\" width=\"1600\" height=\"900\" loading=\"lazy\" src=\"https:\/\/lareiras.gal\/wp-content\/uploads\/2021\/03\/caldo-siseta.jpg\" alt=\"Caldo de grelos de Siseta\" class=\"wp-image-742\" srcset=\"https:\/\/lareiras.gal\/wp-content\/uploads\/2021\/03\/caldo-siseta.jpg 1600w, https:\/\/lareiras.gal\/wp-content\/uploads\/2021\/03\/caldo-siseta-300x169.jpg 300w, https:\/\/lareiras.gal\/wp-content\/uploads\/2021\/03\/caldo-siseta-1024x576.jpg 1024w, https:\/\/lareiras.gal\/wp-content\/uploads\/2021\/03\/caldo-siseta-768x432.jpg 768w, https:\/\/lareiras.gal\/wp-content\/uploads\/2021\/03\/caldo-siseta-1536x864.jpg 1536w, https:\/\/lareiras.gal\/wp-content\/uploads\/2021\/03\/caldo-siseta-480x270.jpg 480w, https:\/\/lareiras.gal\/wp-content\/uploads\/2021\/03\/caldo-siseta-1568x882.jpg 1568w\" sizes=\"auto, (max-width: 1600px) 100vw, 1600px\" \/><\/a><\/figure>\n<\/div>\n\n\n<div id=\"tit-receita\" class=\"tb-field\" data-toolset-blocks-field=\"9fae69954c44cf4dbd7bfbb8e6c06272\" data-last-update=\"1.4\"><a href=\"https:\/\/lareiras.gal\/gl\/recipe\/caldo-de-grelos-de-siseta\/\">Caldo de grelos de Siseta<\/a><\/div>\n<\/div>\n<\/div>\n\n<\/div><div class=\"tb-grid-column\">\n\n<div class=\"wp-block-toolset-views-view-template-block wpv-block-loop-item php-to-be-replaced-with-shortcode\" data-toolset-views-view-template-block=\"f7624c124cc86336f4acd1682f08ee39\">\n<div id=\"loop-categoria\" class=\"wp-block-toolset-blocks-container tb-container aligncenter\" data-toolset-blocks-container=\"d587e8d66fca6f2f7494ad888340b990\"><div class=\"wp-block-image\">\n<figure class=\" tb-image tb-image-dynamic tb-image-frame-none aligncenter\" data-toolset-blocks-image=\"35b77c28b8db9564e26b90cd1ea3452e\"><a href=\"https:\/\/lareiras.gal\/gl\/recipe\/caldo-galego-de-grelos\/\"><img decoding=\"async\" width=\"1600\" height=\"900\" loading=\"lazy\" src=\"https:\/\/lareiras.gal\/wp-content\/uploads\/2021\/03\/caldo-grelos.jpg\" alt=\"Caldo galego de grelos\" class=\"wp-image-1264\" srcset=\"https:\/\/lareiras.gal\/wp-content\/uploads\/2021\/03\/caldo-grelos.jpg 1600w, https:\/\/lareiras.gal\/wp-content\/uploads\/2021\/03\/caldo-grelos-300x169.jpg 300w, https:\/\/lareiras.gal\/wp-content\/uploads\/2021\/03\/caldo-grelos-1024x576.jpg 1024w, https:\/\/lareiras.gal\/wp-content\/uploads\/2021\/03\/caldo-grelos-768x432.jpg 768w, https:\/\/lareiras.gal\/wp-content\/uploads\/2021\/03\/caldo-grelos-1536x864.jpg 1536w, https:\/\/lareiras.gal\/wp-content\/uploads\/2021\/03\/caldo-grelos-480x270.jpg 480w, https:\/\/lareiras.gal\/wp-content\/uploads\/2021\/03\/caldo-grelos-1568x882.jpg 1568w\" sizes=\"auto, (max-width: 1600px) 100vw, 1600px\" \/><\/a><\/figure>\n<\/div>\n\n\n<div id=\"tit-receita\" class=\"tb-field\" data-toolset-blocks-field=\"9fae69954c44cf4dbd7bfbb8e6c06272\" data-last-update=\"1.4\"><a href=\"https:\/\/lareiras.gal\/gl\/recipe\/caldo-galego-de-grelos\/\">Caldo galego de grelos<\/a><\/div>\n<\/div>\n<\/div>\n\n<\/div><div class=\"tb-grid-column\">\n\n<div class=\"wp-block-toolset-views-view-template-block wpv-block-loop-item php-to-be-replaced-with-shortcode\" data-toolset-views-view-template-block=\"f7624c124cc86336f4acd1682f08ee39\">\n<div id=\"loop-categoria\" class=\"wp-block-toolset-blocks-container tb-container aligncenter\" data-toolset-blocks-container=\"d587e8d66fca6f2f7494ad888340b990\"><div class=\"wp-block-image\">\n<figure class=\" tb-image tb-image-dynamic tb-image-frame-none aligncenter\" data-toolset-blocks-image=\"35b77c28b8db9564e26b90cd1ea3452e\"><a href=\"https:\/\/lareiras.gal\/gl\/recipe\/castanas-asadas\/\"><img decoding=\"async\" width=\"1600\" height=\"900\" loading=\"lazy\" src=\"https:\/\/lareiras.gal\/wp-content\/uploads\/2021\/03\/castanas-asadas.jpg\" alt=\"Casta\u00f1as asadas\" class=\"wp-image-75\" srcset=\"https:\/\/lareiras.gal\/wp-content\/uploads\/2021\/03\/castanas-asadas.jpg 1600w, https:\/\/lareiras.gal\/wp-content\/uploads\/2021\/03\/castanas-asadas-300x169.jpg 300w, https:\/\/lareiras.gal\/wp-content\/uploads\/2021\/03\/castanas-asadas-1024x576.jpg 1024w, https:\/\/lareiras.gal\/wp-content\/uploads\/2021\/03\/castanas-asadas-768x432.jpg 768w, https:\/\/lareiras.gal\/wp-content\/uploads\/2021\/03\/castanas-asadas-1536x864.jpg 1536w, https:\/\/lareiras.gal\/wp-content\/uploads\/2021\/03\/castanas-asadas-480x270.jpg 480w, https:\/\/lareiras.gal\/wp-content\/uploads\/2021\/03\/castanas-asadas-1568x882.jpg 1568w\" sizes=\"auto, (max-width: 1600px) 100vw, 1600px\" \/><\/a><\/figure>\n<\/div>\n\n\n<div id=\"tit-receita\" class=\"tb-field\" data-toolset-blocks-field=\"9fae69954c44cf4dbd7bfbb8e6c06272\" data-last-update=\"1.4\"><a href=\"https:\/\/lareiras.gal\/gl\/recipe\/castanas-asadas\/\">Casta\u00f1as asadas<\/a><\/div>\n<\/div>\n<\/div>\n\n<\/div><div class=\"tb-grid-column\">\n\n<div class=\"wp-block-toolset-views-view-template-block wpv-block-loop-item php-to-be-replaced-with-shortcode\" data-toolset-views-view-template-block=\"f7624c124cc86336f4acd1682f08ee39\">\n<div id=\"loop-categoria\" class=\"wp-block-toolset-blocks-container tb-container aligncenter\" data-toolset-blocks-container=\"d587e8d66fca6f2f7494ad888340b990\"><div class=\"wp-block-image\">\n<figure class=\" tb-image tb-image-dynamic tb-image-frame-none aligncenter\" data-toolset-blocks-image=\"35b77c28b8db9564e26b90cd1ea3452e\"><a href=\"https:\/\/lareiras.gal\/gl\/recipe\/castanas-cocidas\/\"><img decoding=\"async\" width=\"1600\" height=\"900\" loading=\"lazy\" src=\"https:\/\/lareiras.gal\/wp-content\/uploads\/2021\/03\/castanas-cocidas.jpg\" alt=\"Casta\u00f1as cocidas\" class=\"wp-image-464\" srcset=\"https:\/\/lareiras.gal\/wp-content\/uploads\/2021\/03\/castanas-cocidas.jpg 1600w, https:\/\/lareiras.gal\/wp-content\/uploads\/2021\/03\/castanas-cocidas-300x169.jpg 300w, https:\/\/lareiras.gal\/wp-content\/uploads\/2021\/03\/castanas-cocidas-1024x576.jpg 1024w, https:\/\/lareiras.gal\/wp-content\/uploads\/2021\/03\/castanas-cocidas-768x432.jpg 768w, https:\/\/lareiras.gal\/wp-content\/uploads\/2021\/03\/castanas-cocidas-1536x864.jpg 1536w, https:\/\/lareiras.gal\/wp-content\/uploads\/2021\/03\/castanas-cocidas-480x270.jpg 480w, https:\/\/lareiras.gal\/wp-content\/uploads\/2021\/03\/castanas-cocidas-1568x882.jpg 1568w\" sizes=\"auto, (max-width: 1600px) 100vw, 1600px\" \/><\/a><\/figure>\n<\/div>\n\n\n<div id=\"tit-receita\" class=\"tb-field\" data-toolset-blocks-field=\"9fae69954c44cf4dbd7bfbb8e6c06272\" data-last-update=\"1.4\"><a href=\"https:\/\/lareiras.gal\/gl\/recipe\/castanas-cocidas\/\">Casta\u00f1as cocidas<\/a><\/div>\n<\/div>\n<\/div>\n\n<\/div><div class=\"tb-grid-column\">\n\n<div class=\"wp-block-toolset-views-view-template-block wpv-block-loop-item php-to-be-replaced-with-shortcode\" data-toolset-views-view-template-block=\"f7624c124cc86336f4acd1682f08ee39\">\n<div id=\"loop-categoria\" class=\"wp-block-toolset-blocks-container tb-container aligncenter\" data-toolset-blocks-container=\"d587e8d66fca6f2f7494ad888340b990\"><div class=\"wp-block-image\">\n<figure class=\" tb-image tb-image-dynamic tb-image-frame-none aligncenter\" data-toolset-blocks-image=\"35b77c28b8db9564e26b90cd1ea3452e\"><a href=\"https:\/\/lareiras.gal\/gl\/recipe\/castanas-con-chourizo\/\"><img decoding=\"async\" width=\"1600\" height=\"900\" loading=\"lazy\" src=\"https:\/\/lareiras.gal\/wp-content\/uploads\/2021\/03\/castanas-chorizo.jpg\" alt=\"Casta\u00f1as con chourizo\" class=\"wp-image-454\" srcset=\"https:\/\/lareiras.gal\/wp-content\/uploads\/2021\/03\/castanas-chorizo.jpg 1600w, https:\/\/lareiras.gal\/wp-content\/uploads\/2021\/03\/castanas-chorizo-300x169.jpg 300w, https:\/\/lareiras.gal\/wp-content\/uploads\/2021\/03\/castanas-chorizo-1024x576.jpg 1024w, https:\/\/lareiras.gal\/wp-content\/uploads\/2021\/03\/castanas-chorizo-768x432.jpg 768w, https:\/\/lareiras.gal\/wp-content\/uploads\/2021\/03\/castanas-chorizo-1536x864.jpg 1536w, https:\/\/lareiras.gal\/wp-content\/uploads\/2021\/03\/castanas-chorizo-480x270.jpg 480w, https:\/\/lareiras.gal\/wp-content\/uploads\/2021\/03\/castanas-chorizo-1568x882.jpg 1568w\" sizes=\"auto, (max-width: 1600px) 100vw, 1600px\" \/><\/a><\/figure>\n<\/div>\n\n\n<div id=\"tit-receita\" class=\"tb-field\" data-toolset-blocks-field=\"9fae69954c44cf4dbd7bfbb8e6c06272\" data-last-update=\"1.4\"><a href=\"https:\/\/lareiras.gal\/gl\/recipe\/castanas-con-chourizo\/\">Casta\u00f1as con chourizo<\/a><\/div>\n<\/div>\n<\/div>\n\n<\/div><div class=\"tb-grid-column\">\n\n<div class=\"wp-block-toolset-views-view-template-block wpv-block-loop-item php-to-be-replaced-with-shortcode\" data-toolset-views-view-template-block=\"f7624c124cc86336f4acd1682f08ee39\">\n<div id=\"loop-categoria\" class=\"wp-block-toolset-blocks-container tb-container aligncenter\" data-toolset-blocks-container=\"d587e8d66fca6f2f7494ad888340b990\"><div class=\"wp-block-image\">\n<figure class=\" tb-image tb-image-dynamic tb-image-frame-none aligncenter\" data-toolset-blocks-image=\"35b77c28b8db9564e26b90cd1ea3452e\"><a href=\"https:\/\/lareiras.gal\/gl\/recipe\/cazolinas-de-champinons\/\"><img decoding=\"async\" width=\"1600\" height=\"900\" loading=\"lazy\" src=\"https:\/\/lareiras.gal\/wp-content\/uploads\/2021\/03\/champis-cazuelas.jpg\" alt=\"Cazoli\u00f1as de champi\u00f1\u00f3ns\" class=\"wp-image-843\" srcset=\"https:\/\/lareiras.gal\/wp-content\/uploads\/2021\/03\/champis-cazuelas.jpg 1600w, https:\/\/lareiras.gal\/wp-content\/uploads\/2021\/03\/champis-cazuelas-300x169.jpg 300w, https:\/\/lareiras.gal\/wp-content\/uploads\/2021\/03\/champis-cazuelas-1024x576.jpg 1024w, https:\/\/lareiras.gal\/wp-content\/uploads\/2021\/03\/champis-cazuelas-768x432.jpg 768w, https:\/\/lareiras.gal\/wp-content\/uploads\/2021\/03\/champis-cazuelas-1536x864.jpg 1536w, https:\/\/lareiras.gal\/wp-content\/uploads\/2021\/03\/champis-cazuelas-480x270.jpg 480w, https:\/\/lareiras.gal\/wp-content\/uploads\/2021\/03\/champis-cazuelas-1568x882.jpg 1568w\" sizes=\"auto, (max-width: 1600px) 100vw, 1600px\" \/><\/a><\/figure>\n<\/div>\n\n\n<div id=\"tit-receita\" class=\"tb-field\" data-toolset-blocks-field=\"9fae69954c44cf4dbd7bfbb8e6c06272\" data-last-update=\"1.4\"><a href=\"https:\/\/lareiras.gal\/gl\/recipe\/cazolinas-de-champinons\/\">Cazoli\u00f1as de champi\u00f1\u00f3ns<\/a><\/div>\n<\/div>\n<\/div>\n\n<\/div><div class=\"tb-grid-column\">\n\n<div class=\"wp-block-toolset-views-view-template-block wpv-block-loop-item php-to-be-replaced-with-shortcode\" data-toolset-views-view-template-block=\"f7624c124cc86336f4acd1682f08ee39\">\n<div id=\"loop-categoria\" class=\"wp-block-toolset-blocks-container tb-container aligncenter\" data-toolset-blocks-container=\"d587e8d66fca6f2f7494ad888340b990\"><div class=\"wp-block-image\">\n<figure class=\" tb-image tb-image-dynamic tb-image-frame-none aligncenter\" data-toolset-blocks-image=\"35b77c28b8db9564e26b90cd1ea3452e\"><a href=\"https:\/\/lareiras.gal\/gl\/recipe\/champinons-recheos-de-allos-tenros\/\"><img decoding=\"async\" width=\"1600\" height=\"900\" loading=\"lazy\" src=\"https:\/\/lareiras.gal\/wp-content\/uploads\/2015\/10\/champis-ajetes.jpg\" alt=\"Champi\u00f1\u00f3ns recheos de allos tenros\" class=\"wp-image-4818\" srcset=\"https:\/\/lareiras.gal\/wp-content\/uploads\/2015\/10\/champis-ajetes.jpg 1600w, https:\/\/lareiras.gal\/wp-content\/uploads\/2015\/10\/champis-ajetes-300x169.jpg 300w, https:\/\/lareiras.gal\/wp-content\/uploads\/2015\/10\/champis-ajetes-1024x576.jpg 1024w, https:\/\/lareiras.gal\/wp-content\/uploads\/2015\/10\/champis-ajetes-768x432.jpg 768w, https:\/\/lareiras.gal\/wp-content\/uploads\/2015\/10\/champis-ajetes-1536x864.jpg 1536w, https:\/\/lareiras.gal\/wp-content\/uploads\/2015\/10\/champis-ajetes-480x270.jpg 480w\" sizes=\"auto, (max-width: 1600px) 100vw, 1600px\" \/><\/a><\/figure>\n<\/div>\n\n\n<div id=\"tit-receita\" class=\"tb-field\" data-toolset-blocks-field=\"9fae69954c44cf4dbd7bfbb8e6c06272\" data-last-update=\"1.4\"><a href=\"https:\/\/lareiras.gal\/gl\/recipe\/champinons-recheos-de-allos-tenros\/\">Champi\u00f1\u00f3ns recheos de allos tenros<\/a><\/div>\n<\/div>\n<\/div>\n\n<\/div><div class=\"tb-grid-column\">\n\n<div class=\"wp-block-toolset-views-view-template-block wpv-block-loop-item php-to-be-replaced-with-shortcode\" data-toolset-views-view-template-block=\"f7624c124cc86336f4acd1682f08ee39\">\n<div id=\"loop-categoria\" class=\"wp-block-toolset-blocks-container tb-container aligncenter\" data-toolset-blocks-container=\"d587e8d66fca6f2f7494ad888340b990\"><div class=\"wp-block-image\">\n<figure class=\" tb-image tb-image-dynamic tb-image-frame-none aligncenter\" data-toolset-blocks-image=\"35b77c28b8db9564e26b90cd1ea3452e\"><a href=\"https:\/\/lareiras.gal\/gl\/recipe\/champinons-recheos-de-espaguete-de-mar\/\"><img decoding=\"async\" width=\"1600\" height=\"900\" loading=\"lazy\" src=\"https:\/\/lareiras.gal\/wp-content\/uploads\/2021\/03\/champis-algas.jpg\" alt=\"Champi\u00f1\u00f3ns recheos de Espaguete de Mar\" class=\"wp-image-910\" srcset=\"https:\/\/lareiras.gal\/wp-content\/uploads\/2021\/03\/champis-algas.jpg 1600w, https:\/\/lareiras.gal\/wp-content\/uploads\/2021\/03\/champis-algas-300x169.jpg 300w, https:\/\/lareiras.gal\/wp-content\/uploads\/2021\/03\/champis-algas-1024x576.jpg 1024w, https:\/\/lareiras.gal\/wp-content\/uploads\/2021\/03\/champis-algas-768x432.jpg 768w, https:\/\/lareiras.gal\/wp-content\/uploads\/2021\/03\/champis-algas-1536x864.jpg 1536w, https:\/\/lareiras.gal\/wp-content\/uploads\/2021\/03\/champis-algas-480x270.jpg 480w, https:\/\/lareiras.gal\/wp-content\/uploads\/2021\/03\/champis-algas-1568x882.jpg 1568w\" sizes=\"auto, (max-width: 1600px) 100vw, 1600px\" \/><\/a><\/figure>\n<\/div>\n\n\n<div id=\"tit-receita\" class=\"tb-field\" data-toolset-blocks-field=\"9fae69954c44cf4dbd7bfbb8e6c06272\" data-last-update=\"1.4\"><a href=\"https:\/\/lareiras.gal\/gl\/recipe\/champinons-recheos-de-espaguete-de-mar\/\">Champi\u00f1\u00f3ns recheos de Espaguete de Mar<\/a><\/div>\n<\/div>\n<\/div>\n\n<\/div><div class=\"tb-grid-column\">\n\n<div class=\"wp-block-toolset-views-view-template-block wpv-block-loop-item php-to-be-replaced-with-shortcode\" data-toolset-views-view-template-block=\"f7624c124cc86336f4acd1682f08ee39\">\n<div id=\"loop-categoria\" class=\"wp-block-toolset-blocks-container tb-container aligncenter\" data-toolset-blocks-container=\"d587e8d66fca6f2f7494ad888340b990\"><div class=\"wp-block-image\">\n<figure class=\" tb-image tb-image-dynamic tb-image-frame-none aligncenter\" data-toolset-blocks-image=\"35b77c28b8db9564e26b90cd1ea3452e\"><a href=\"https:\/\/lareiras.gal\/gl\/recipe\/chicharos-con-xamon\/\"><img decoding=\"async\" width=\"1600\" height=\"900\" loading=\"lazy\" src=\"https:\/\/lareiras.gal\/wp-content\/uploads\/2021\/03\/guisantes-jamon.jpg\" alt=\"Ch\u00edcharos con xam\u00f3n\" class=\"wp-image-1321\" srcset=\"https:\/\/lareiras.gal\/wp-content\/uploads\/2021\/03\/guisantes-jamon.jpg 1600w, https:\/\/lareiras.gal\/wp-content\/uploads\/2021\/03\/guisantes-jamon-300x169.jpg 300w, https:\/\/lareiras.gal\/wp-content\/uploads\/2021\/03\/guisantes-jamon-1024x576.jpg 1024w, https:\/\/lareiras.gal\/wp-content\/uploads\/2021\/03\/guisantes-jamon-768x432.jpg 768w, https:\/\/lareiras.gal\/wp-content\/uploads\/2021\/03\/guisantes-jamon-1536x864.jpg 1536w, https:\/\/lareiras.gal\/wp-content\/uploads\/2021\/03\/guisantes-jamon-480x270.jpg 480w, https:\/\/lareiras.gal\/wp-content\/uploads\/2021\/03\/guisantes-jamon-1568x882.jpg 1568w\" sizes=\"auto, (max-width: 1600px) 100vw, 1600px\" \/><\/a><\/figure>\n<\/div>\n\n\n<div id=\"tit-receita\" class=\"tb-field\" data-toolset-blocks-field=\"9fae69954c44cf4dbd7bfbb8e6c06272\" data-last-update=\"1.4\"><a href=\"https:\/\/lareiras.gal\/gl\/recipe\/chicharos-con-xamon\/\">Ch\u00edcharos con xam\u00f3n<\/a><\/div>\n<\/div>\n<\/div>\n\n<\/div><div class=\"tb-grid-column\">\n\n<div class=\"wp-block-toolset-views-view-template-block wpv-block-loop-item php-to-be-replaced-with-shortcode\" data-toolset-views-view-template-block=\"f7624c124cc86336f4acd1682f08ee39\">\n<div id=\"loop-categoria\" class=\"wp-block-toolset-blocks-container tb-container aligncenter\" data-toolset-blocks-container=\"d587e8d66fca6f2f7494ad888340b990\"><div class=\"wp-block-image\">\n<figure class=\" tb-image tb-image-dynamic tb-image-frame-none aligncenter\" data-toolset-blocks-image=\"35b77c28b8db9564e26b90cd1ea3452e\"><a href=\"https:\/\/lareiras.gal\/gl\/recipe\/cocido-galego\/\"><img decoding=\"async\" width=\"1600\" height=\"900\" loading=\"lazy\" src=\"https:\/\/lareiras.gal\/wp-content\/uploads\/2021\/03\/cocido.jpg\" alt=\"Cocido galego\" class=\"wp-image-423\" srcset=\"https:\/\/lareiras.gal\/wp-content\/uploads\/2021\/03\/cocido.jpg 1600w, https:\/\/lareiras.gal\/wp-content\/uploads\/2021\/03\/cocido-300x169.jpg 300w, https:\/\/lareiras.gal\/wp-content\/uploads\/2021\/03\/cocido-1024x576.jpg 1024w, https:\/\/lareiras.gal\/wp-content\/uploads\/2021\/03\/cocido-768x432.jpg 768w, https:\/\/lareiras.gal\/wp-content\/uploads\/2021\/03\/cocido-1536x864.jpg 1536w, https:\/\/lareiras.gal\/wp-content\/uploads\/2021\/03\/cocido-480x270.jpg 480w, https:\/\/lareiras.gal\/wp-content\/uploads\/2021\/03\/cocido-1568x882.jpg 1568w\" sizes=\"auto, (max-width: 1600px) 100vw, 1600px\" \/><\/a><\/figure>\n<\/div>\n\n\n<div id=\"tit-receita\" class=\"tb-field\" data-toolset-blocks-field=\"9fae69954c44cf4dbd7bfbb8e6c06272\" data-last-update=\"1.4\"><a href=\"https:\/\/lareiras.gal\/gl\/recipe\/cocido-galego\/\">Cocido galego<\/a><\/div>\n<\/div>\n<\/div>\n\n<\/div><div class=\"tb-grid-column\">\n\n<div class=\"wp-block-toolset-views-view-template-block wpv-block-loop-item php-to-be-replaced-with-shortcode\" data-toolset-views-view-template-block=\"f7624c124cc86336f4acd1682f08ee39\">\n<div id=\"loop-categoria\" class=\"wp-block-toolset-blocks-container tb-container aligncenter\" data-toolset-blocks-container=\"d587e8d66fca6f2f7494ad888340b990\"><div class=\"wp-block-image\">\n<figure class=\" tb-image tb-image-dynamic tb-image-frame-none aligncenter\" data-toolset-blocks-image=\"35b77c28b8db9564e26b90cd1ea3452e\"><a href=\"https:\/\/lareiras.gal\/gl\/recipe\/crema-de-acelgas\/\"><img decoding=\"async\" width=\"1600\" height=\"900\" loading=\"lazy\" src=\"https:\/\/lareiras.gal\/wp-content\/uploads\/2021\/03\/crema-acelgas.jpg\" alt=\"Crema de acelgas\" class=\"wp-image-1384\" srcset=\"https:\/\/lareiras.gal\/wp-content\/uploads\/2021\/03\/crema-acelgas.jpg 1600w, https:\/\/lareiras.gal\/wp-content\/uploads\/2021\/03\/crema-acelgas-300x169.jpg 300w, https:\/\/lareiras.gal\/wp-content\/uploads\/2021\/03\/crema-acelgas-1024x576.jpg 1024w, https:\/\/lareiras.gal\/wp-content\/uploads\/2021\/03\/crema-acelgas-768x432.jpg 768w, https:\/\/lareiras.gal\/wp-content\/uploads\/2021\/03\/crema-acelgas-1536x864.jpg 1536w, https:\/\/lareiras.gal\/wp-content\/uploads\/2021\/03\/crema-acelgas-480x270.jpg 480w, https:\/\/lareiras.gal\/wp-content\/uploads\/2021\/03\/crema-acelgas-1568x882.jpg 1568w\" sizes=\"auto, (max-width: 1600px) 100vw, 1600px\" \/><\/a><\/figure>\n<\/div>\n\n\n<div id=\"tit-receita\" class=\"tb-field\" data-toolset-blocks-field=\"9fae69954c44cf4dbd7bfbb8e6c06272\" data-last-update=\"1.4\"><a href=\"https:\/\/lareiras.gal\/gl\/recipe\/crema-de-acelgas\/\">Crema de acelgas<\/a><\/div>\n<\/div>\n<\/div>\n\n<\/div><div class=\"tb-grid-column\">\n\n<div class=\"wp-block-toolset-views-view-template-block wpv-block-loop-item php-to-be-replaced-with-shortcode\" data-toolset-views-view-template-block=\"f7624c124cc86336f4acd1682f08ee39\">\n<div id=\"loop-categoria\" class=\"wp-block-toolset-blocks-container tb-container aligncenter\" data-toolset-blocks-container=\"d587e8d66fca6f2f7494ad888340b990\"><div class=\"wp-block-image\">\n<figure class=\" tb-image tb-image-dynamic tb-image-frame-none aligncenter\" data-toolset-blocks-image=\"35b77c28b8db9564e26b90cd1ea3452e\"><a href=\"https:\/\/lareiras.gal\/gl\/recipe\/crema-de-allos-porros\/\"><img decoding=\"async\" width=\"1600\" height=\"900\" loading=\"lazy\" src=\"https:\/\/lareiras.gal\/wp-content\/uploads\/2021\/03\/crema-puerros.jpg\" alt=\"Crema de allos porros\" class=\"wp-image-1203\" srcset=\"https:\/\/lareiras.gal\/wp-content\/uploads\/2021\/03\/crema-puerros.jpg 1600w, https:\/\/lareiras.gal\/wp-content\/uploads\/2021\/03\/crema-puerros-300x169.jpg 300w, https:\/\/lareiras.gal\/wp-content\/uploads\/2021\/03\/crema-puerros-1024x576.jpg 1024w, https:\/\/lareiras.gal\/wp-content\/uploads\/2021\/03\/crema-puerros-768x432.jpg 768w, https:\/\/lareiras.gal\/wp-content\/uploads\/2021\/03\/crema-puerros-1536x864.jpg 1536w, https:\/\/lareiras.gal\/wp-content\/uploads\/2021\/03\/crema-puerros-480x270.jpg 480w, https:\/\/lareiras.gal\/wp-content\/uploads\/2021\/03\/crema-puerros-1568x882.jpg 1568w\" sizes=\"auto, (max-width: 1600px) 100vw, 1600px\" \/><\/a><\/figure>\n<\/div>\n\n\n<div id=\"tit-receita\" class=\"tb-field\" data-toolset-blocks-field=\"9fae69954c44cf4dbd7bfbb8e6c06272\" data-last-update=\"1.4\"><a href=\"https:\/\/lareiras.gal\/gl\/recipe\/crema-de-allos-porros\/\">Crema de allos porros<\/a><\/div>\n<\/div>\n<\/div>\n\n<\/div><div class=\"tb-grid-column\">\n\n<div class=\"wp-block-toolset-views-view-template-block wpv-block-loop-item php-to-be-replaced-with-shortcode\" data-toolset-views-view-template-block=\"f7624c124cc86336f4acd1682f08ee39\">\n<div id=\"loop-categoria\" class=\"wp-block-toolset-blocks-container tb-container aligncenter\" data-toolset-blocks-container=\"d587e8d66fca6f2f7494ad888340b990\"><div class=\"wp-block-image\">\n<figure class=\" tb-image tb-image-dynamic tb-image-frame-none aligncenter\" data-toolset-blocks-image=\"35b77c28b8db9564e26b90cd1ea3452e\"><a href=\"https:\/\/lareiras.gal\/gl\/recipe\/crema-de-grelos\/\"><img decoding=\"async\" width=\"1600\" height=\"900\" loading=\"lazy\" src=\"https:\/\/lareiras.gal\/wp-content\/uploads\/2021\/03\/crema-grelos.jpg\" alt=\"Crema de grelos\" class=\"wp-image-1111\" srcset=\"https:\/\/lareiras.gal\/wp-content\/uploads\/2021\/03\/crema-grelos.jpg 1600w, https:\/\/lareiras.gal\/wp-content\/uploads\/2021\/03\/crema-grelos-300x169.jpg 300w, https:\/\/lareiras.gal\/wp-content\/uploads\/2021\/03\/crema-grelos-1024x576.jpg 1024w, https:\/\/lareiras.gal\/wp-content\/uploads\/2021\/03\/crema-grelos-768x432.jpg 768w, https:\/\/lareiras.gal\/wp-content\/uploads\/2021\/03\/crema-grelos-1536x864.jpg 1536w, https:\/\/lareiras.gal\/wp-content\/uploads\/2021\/03\/crema-grelos-480x270.jpg 480w, https:\/\/lareiras.gal\/wp-content\/uploads\/2021\/03\/crema-grelos-1568x882.jpg 1568w\" sizes=\"auto, (max-width: 1600px) 100vw, 1600px\" \/><\/a><\/figure>\n<\/div>\n\n\n<div id=\"tit-receita\" class=\"tb-field\" data-toolset-blocks-field=\"9fae69954c44cf4dbd7bfbb8e6c06272\" data-last-update=\"1.4\"><a href=\"https:\/\/lareiras.gal\/gl\/recipe\/crema-de-grelos\/\">Crema de grelos<\/a><\/div>\n<\/div>\n<\/div>\n\n<\/div><div class=\"tb-grid-column\">\n\n<div class=\"wp-block-toolset-views-view-template-block wpv-block-loop-item php-to-be-replaced-with-shortcode\" data-toolset-views-view-template-block=\"f7624c124cc86336f4acd1682f08ee39\">\n<div id=\"loop-categoria\" class=\"wp-block-toolset-blocks-container tb-container aligncenter\" data-toolset-blocks-container=\"d587e8d66fca6f2f7494ad888340b990\"><div class=\"wp-block-image\">\n<figure class=\" tb-image tb-image-dynamic tb-image-frame-none aligncenter\" data-toolset-blocks-image=\"35b77c28b8db9564e26b90cd1ea3452e\"><a href=\"https:\/\/lareiras.gal\/gl\/recipe\/crema-de-remolacha\/\"><img decoding=\"async\" width=\"1600\" height=\"900\" loading=\"lazy\" src=\"https:\/\/lareiras.gal\/wp-content\/uploads\/2021\/03\/crema-remolacha.jpg\" alt=\"Crema de remolacha\" class=\"wp-image-1291\" srcset=\"https:\/\/lareiras.gal\/wp-content\/uploads\/2021\/03\/crema-remolacha.jpg 1600w, https:\/\/lareiras.gal\/wp-content\/uploads\/2021\/03\/crema-remolacha-300x169.jpg 300w, https:\/\/lareiras.gal\/wp-content\/uploads\/2021\/03\/crema-remolacha-1024x576.jpg 1024w, https:\/\/lareiras.gal\/wp-content\/uploads\/2021\/03\/crema-remolacha-768x432.jpg 768w, https:\/\/lareiras.gal\/wp-content\/uploads\/2021\/03\/crema-remolacha-1536x864.jpg 1536w, https:\/\/lareiras.gal\/wp-content\/uploads\/2021\/03\/crema-remolacha-480x270.jpg 480w, https:\/\/lareiras.gal\/wp-content\/uploads\/2021\/03\/crema-remolacha-1568x882.jpg 1568w\" sizes=\"auto, (max-width: 1600px) 100vw, 1600px\" \/><\/a><\/figure>\n<\/div>\n\n\n<div id=\"tit-receita\" class=\"tb-field\" data-toolset-blocks-field=\"9fae69954c44cf4dbd7bfbb8e6c06272\" data-last-update=\"1.4\"><a href=\"https:\/\/lareiras.gal\/gl\/recipe\/crema-de-remolacha\/\">Crema de remolacha<\/a><\/div>\n<\/div>\n<\/div>\n\n<\/div><div class=\"tb-grid-column\">\n\n<div class=\"wp-block-toolset-views-view-template-block wpv-block-loop-item php-to-be-replaced-with-shortcode\" data-toolset-views-view-template-block=\"f7624c124cc86336f4acd1682f08ee39\">\n<div id=\"loop-categoria\" class=\"wp-block-toolset-blocks-container tb-container aligncenter\" data-toolset-blocks-container=\"d587e8d66fca6f2f7494ad888340b990\"><div class=\"wp-block-image\">\n<figure class=\" tb-image tb-image-dynamic tb-image-frame-none aligncenter\" data-toolset-blocks-image=\"35b77c28b8db9564e26b90cd1ea3452e\"><a href=\"https:\/\/lareiras.gal\/gl\/recipe\/croquetas-de-castanas\/\"><img decoding=\"async\" width=\"1600\" height=\"900\" loading=\"lazy\" src=\"https:\/\/lareiras.gal\/wp-content\/uploads\/2021\/03\/croquetas-castanas.jpg\" alt=\"Croquetas de casta\u00f1as\" class=\"wp-image-893\" srcset=\"https:\/\/lareiras.gal\/wp-content\/uploads\/2021\/03\/croquetas-castanas.jpg 1600w, https:\/\/lareiras.gal\/wp-content\/uploads\/2021\/03\/croquetas-castanas-300x169.jpg 300w, https:\/\/lareiras.gal\/wp-content\/uploads\/2021\/03\/croquetas-castanas-1024x576.jpg 1024w, https:\/\/lareiras.gal\/wp-content\/uploads\/2021\/03\/croquetas-castanas-768x432.jpg 768w, https:\/\/lareiras.gal\/wp-content\/uploads\/2021\/03\/croquetas-castanas-1536x864.jpg 1536w, https:\/\/lareiras.gal\/wp-content\/uploads\/2021\/03\/croquetas-castanas-480x270.jpg 480w, https:\/\/lareiras.gal\/wp-content\/uploads\/2021\/03\/croquetas-castanas-1568x882.jpg 1568w\" sizes=\"auto, (max-width: 1600px) 100vw, 1600px\" \/><\/a><\/figure>\n<\/div>\n\n\n<div id=\"tit-receita\" class=\"tb-field\" data-toolset-blocks-field=\"9fae69954c44cf4dbd7bfbb8e6c06272\" data-last-update=\"1.4\"><a href=\"https:\/\/lareiras.gal\/gl\/recipe\/croquetas-de-castanas\/\">Croquetas de casta\u00f1as<\/a><\/div>\n<\/div>\n<\/div>\n\n<\/div><div class=\"tb-grid-column\">\n\n<div class=\"wp-block-toolset-views-view-template-block wpv-block-loop-item php-to-be-replaced-with-shortcode\" data-toolset-views-view-template-block=\"f7624c124cc86336f4acd1682f08ee39\">\n<div id=\"loop-categoria\" class=\"wp-block-toolset-blocks-container tb-container aligncenter\" data-toolset-blocks-container=\"d587e8d66fca6f2f7494ad888340b990\"><div class=\"wp-block-image\">\n<figure class=\" tb-image tb-image-dynamic tb-image-frame-none aligncenter\" data-toolset-blocks-image=\"35b77c28b8db9564e26b90cd1ea3452e\"><a href=\"https:\/\/lareiras.gal\/gl\/recipe\/doce-de-marmelo\/\"><img decoding=\"async\" width=\"1600\" height=\"900\" loading=\"lazy\" src=\"https:\/\/lareiras.gal\/wp-content\/uploads\/2021\/03\/membrillo.jpg\" alt=\"Doce de marmelo\" class=\"wp-image-1013\" srcset=\"https:\/\/lareiras.gal\/wp-content\/uploads\/2021\/03\/membrillo.jpg 1600w, https:\/\/lareiras.gal\/wp-content\/uploads\/2021\/03\/membrillo-300x169.jpg 300w, https:\/\/lareiras.gal\/wp-content\/uploads\/2021\/03\/membrillo-1024x576.jpg 1024w, https:\/\/lareiras.gal\/wp-content\/uploads\/2021\/03\/membrillo-768x432.jpg 768w, https:\/\/lareiras.gal\/wp-content\/uploads\/2021\/03\/membrillo-1536x864.jpg 1536w, https:\/\/lareiras.gal\/wp-content\/uploads\/2021\/03\/membrillo-480x270.jpg 480w, https:\/\/lareiras.gal\/wp-content\/uploads\/2021\/03\/membrillo-1568x882.jpg 1568w\" sizes=\"auto, (max-width: 1600px) 100vw, 1600px\" \/><\/a><\/figure>\n<\/div>\n\n\n<div id=\"tit-receita\" class=\"tb-field\" data-toolset-blocks-field=\"9fae69954c44cf4dbd7bfbb8e6c06272\" data-last-update=\"1.4\"><a href=\"https:\/\/lareiras.gal\/gl\/recipe\/doce-de-marmelo\/\">Doce de marmelo<\/a><\/div>\n<\/div>\n<\/div>\n\n<\/div><div class=\"tb-grid-column\">\n\n<div class=\"wp-block-toolset-views-view-template-block wpv-block-loop-item php-to-be-replaced-with-shortcode\" data-toolset-views-view-template-block=\"f7624c124cc86336f4acd1682f08ee39\">\n<div id=\"loop-categoria\" class=\"wp-block-toolset-blocks-container tb-container aligncenter\" data-toolset-blocks-container=\"d587e8d66fca6f2f7494ad888340b990\"><div class=\"wp-block-image\">\n<figure class=\" tb-image tb-image-dynamic tb-image-frame-none aligncenter\" data-toolset-blocks-image=\"35b77c28b8db9564e26b90cd1ea3452e\"><a href=\"https:\/\/lareiras.gal\/gl\/recipe\/doce-de-maza\/\"><img decoding=\"async\" width=\"1600\" height=\"900\" loading=\"lazy\" src=\"https:\/\/lareiras.gal\/wp-content\/uploads\/2021\/03\/dulce-de-manzana.jpg\" alt=\"Doce de maz\u00e1\" class=\"wp-image-494\" srcset=\"https:\/\/lareiras.gal\/wp-content\/uploads\/2021\/03\/dulce-de-manzana.jpg 1600w, https:\/\/lareiras.gal\/wp-content\/uploads\/2021\/03\/dulce-de-manzana-300x169.jpg 300w, https:\/\/lareiras.gal\/wp-content\/uploads\/2021\/03\/dulce-de-manzana-1024x576.jpg 1024w, https:\/\/lareiras.gal\/wp-content\/uploads\/2021\/03\/dulce-de-manzana-768x432.jpg 768w, https:\/\/lareiras.gal\/wp-content\/uploads\/2021\/03\/dulce-de-manzana-1536x864.jpg 1536w, https:\/\/lareiras.gal\/wp-content\/uploads\/2021\/03\/dulce-de-manzana-480x270.jpg 480w, https:\/\/lareiras.gal\/wp-content\/uploads\/2021\/03\/dulce-de-manzana-1568x882.jpg 1568w\" sizes=\"auto, (max-width: 1600px) 100vw, 1600px\" \/><\/a><\/figure>\n<\/div>\n\n\n<div id=\"tit-receita\" class=\"tb-field\" data-toolset-blocks-field=\"9fae69954c44cf4dbd7bfbb8e6c06272\" data-last-update=\"1.4\"><a href=\"https:\/\/lareiras.gal\/gl\/recipe\/doce-de-maza\/\">Doce de maz\u00e1<\/a><\/div>\n<\/div>\n<\/div>\n\n<\/div><div class=\"tb-grid-column\">\n\n<div class=\"wp-block-toolset-views-view-template-block wpv-block-loop-item php-to-be-replaced-with-shortcode\" data-toolset-views-view-template-block=\"f7624c124cc86336f4acd1682f08ee39\">\n<div id=\"loop-categoria\" class=\"wp-block-toolset-blocks-container tb-container aligncenter\" data-toolset-blocks-container=\"d587e8d66fca6f2f7494ad888340b990\"><div class=\"wp-block-image\">\n<figure class=\" tb-image tb-image-dynamic tb-image-frame-none aligncenter\" data-toolset-blocks-image=\"35b77c28b8db9564e26b90cd1ea3452e\"><a href=\"https:\/\/lareiras.gal\/gl\/recipe\/empanada-de-grelos-e-xamon\/\"><img decoding=\"async\" width=\"1600\" height=\"900\" loading=\"lazy\" src=\"https:\/\/lareiras.gal\/wp-content\/uploads\/2021\/03\/empanada-grelos.jpg\" alt=\"Empanada de grelos e xam\u00f3n\" class=\"wp-image-898\" srcset=\"https:\/\/lareiras.gal\/wp-content\/uploads\/2021\/03\/empanada-grelos.jpg 1600w, https:\/\/lareiras.gal\/wp-content\/uploads\/2021\/03\/empanada-grelos-300x169.jpg 300w, https:\/\/lareiras.gal\/wp-content\/uploads\/2021\/03\/empanada-grelos-1024x576.jpg 1024w, https:\/\/lareiras.gal\/wp-content\/uploads\/2021\/03\/empanada-grelos-768x432.jpg 768w, https:\/\/lareiras.gal\/wp-content\/uploads\/2021\/03\/empanada-grelos-1536x864.jpg 1536w, https:\/\/lareiras.gal\/wp-content\/uploads\/2021\/03\/empanada-grelos-480x270.jpg 480w, https:\/\/lareiras.gal\/wp-content\/uploads\/2021\/03\/empanada-grelos-1568x882.jpg 1568w\" sizes=\"auto, (max-width: 1600px) 100vw, 1600px\" \/><\/a><\/figure>\n<\/div>\n\n\n<div id=\"tit-receita\" class=\"tb-field\" data-toolset-blocks-field=\"9fae69954c44cf4dbd7bfbb8e6c06272\" data-last-update=\"1.4\"><a href=\"https:\/\/lareiras.gal\/gl\/recipe\/empanada-de-grelos-e-xamon\/\">Empanada de grelos e xam\u00f3n<\/a><\/div>\n<\/div>\n<\/div>\n\n<\/div><div class=\"tb-grid-column\">\n\n<div class=\"wp-block-toolset-views-view-template-block wpv-block-loop-item php-to-be-replaced-with-shortcode\" data-toolset-views-view-template-block=\"f7624c124cc86336f4acd1682f08ee39\">\n<div id=\"loop-categoria\" class=\"wp-block-toolset-blocks-container tb-container aligncenter\" data-toolset-blocks-container=\"d587e8d66fca6f2f7494ad888340b990\"><div class=\"wp-block-image\">\n<figure class=\" tb-image tb-image-dynamic tb-image-frame-none aligncenter\" data-toolset-blocks-image=\"35b77c28b8db9564e26b90cd1ea3452e\"><a href=\"https:\/\/lareiras.gal\/gl\/recipe\/empanada-rapida-de-pito-e-porros\/\"><img decoding=\"async\" width=\"1600\" height=\"900\" loading=\"lazy\" src=\"https:\/\/lareiras.gal\/wp-content\/uploads\/2021\/03\/empanada-puerros-pollo-rapida.jpg\" alt=\"Empanada r\u00e1pida de pollo y puerros\" class=\"wp-image-60\" srcset=\"https:\/\/lareiras.gal\/wp-content\/uploads\/2021\/03\/empanada-puerros-pollo-rapida.jpg 1600w, https:\/\/lareiras.gal\/wp-content\/uploads\/2021\/03\/empanada-puerros-pollo-rapida-300x169.jpg 300w, https:\/\/lareiras.gal\/wp-content\/uploads\/2021\/03\/empanada-puerros-pollo-rapida-1024x576.jpg 1024w, https:\/\/lareiras.gal\/wp-content\/uploads\/2021\/03\/empanada-puerros-pollo-rapida-768x432.jpg 768w, https:\/\/lareiras.gal\/wp-content\/uploads\/2021\/03\/empanada-puerros-pollo-rapida-1536x864.jpg 1536w, https:\/\/lareiras.gal\/wp-content\/uploads\/2021\/03\/empanada-puerros-pollo-rapida-480x270.jpg 480w, https:\/\/lareiras.gal\/wp-content\/uploads\/2021\/03\/empanada-puerros-pollo-rapida-1568x882.jpg 1568w\" sizes=\"auto, (max-width: 1600px) 100vw, 1600px\" \/><\/a><\/figure>\n<\/div>\n\n\n<div id=\"tit-receita\" class=\"tb-field\" data-toolset-blocks-field=\"9fae69954c44cf4dbd7bfbb8e6c06272\" data-last-update=\"1.4\"><a href=\"https:\/\/lareiras.gal\/gl\/recipe\/empanada-rapida-de-pito-e-porros\/\">Empanada r\u00e1pida de pito e porros<\/a><\/div>\n<\/div>\n<\/div>\n\n<\/div><div class=\"tb-grid-column\">\n\n<div class=\"wp-block-toolset-views-view-template-block wpv-block-loop-item php-to-be-replaced-with-shortcode\" data-toolset-views-view-template-block=\"f7624c124cc86336f4acd1682f08ee39\">\n<div id=\"loop-categoria\" class=\"wp-block-toolset-blocks-container tb-container aligncenter\" data-toolset-blocks-container=\"d587e8d66fca6f2f7494ad888340b990\"><div class=\"wp-block-image\">\n<figure class=\" tb-image tb-image-dynamic tb-image-frame-none aligncenter\" data-toolset-blocks-image=\"35b77c28b8db9564e26b90cd1ea3452e\"><a href=\"https:\/\/lareiras.gal\/gl\/recipe\/ensalada-de-queixo-de-arzua-con-anchoas\/\"><img decoding=\"async\" width=\"1600\" height=\"900\" loading=\"lazy\" src=\"https:\/\/lareiras.gal\/wp-content\/uploads\/2021\/03\/ensalada-arzua.jpg\" alt=\"Ensalada de queso de Arz\u00faa con anchoas\" class=\"wp-image-332\" srcset=\"https:\/\/lareiras.gal\/wp-content\/uploads\/2021\/03\/ensalada-arzua.jpg 1600w, https:\/\/lareiras.gal\/wp-content\/uploads\/2021\/03\/ensalada-arzua-300x169.jpg 300w, https:\/\/lareiras.gal\/wp-content\/uploads\/2021\/03\/ensalada-arzua-1024x576.jpg 1024w, https:\/\/lareiras.gal\/wp-content\/uploads\/2021\/03\/ensalada-arzua-768x432.jpg 768w, https:\/\/lareiras.gal\/wp-content\/uploads\/2021\/03\/ensalada-arzua-1536x864.jpg 1536w, https:\/\/lareiras.gal\/wp-content\/uploads\/2021\/03\/ensalada-arzua-480x270.jpg 480w, https:\/\/lareiras.gal\/wp-content\/uploads\/2021\/03\/ensalada-arzua-1568x882.jpg 1568w\" sizes=\"auto, (max-width: 1600px) 100vw, 1600px\" \/><\/a><\/figure>\n<\/div>\n\n\n<div id=\"tit-receita\" class=\"tb-field\" data-toolset-blocks-field=\"9fae69954c44cf4dbd7bfbb8e6c06272\" data-last-update=\"1.4\"><a href=\"https:\/\/lareiras.gal\/gl\/recipe\/ensalada-de-queixo-de-arzua-con-anchoas\/\">Ensalada de queixo de Arz\u00faa con anchoas<\/a><\/div>\n<\/div>\n<\/div>\n\n<\/div><div class=\"tb-grid-column\">\n\n<div class=\"wp-block-toolset-views-view-template-block wpv-block-loop-item php-to-be-replaced-with-shortcode\" data-toolset-views-view-template-block=\"f7624c124cc86336f4acd1682f08ee39\">\n<div id=\"loop-categoria\" class=\"wp-block-toolset-blocks-container tb-container aligncenter\" data-toolset-blocks-container=\"d587e8d66fca6f2f7494ad888340b990\"><div class=\"wp-block-image\">\n<figure class=\" tb-image tb-image-dynamic tb-image-frame-none aligncenter\" data-toolset-blocks-image=\"35b77c28b8db9564e26b90cd1ea3452e\"><a href=\"https:\/\/lareiras.gal\/gl\/recipe\/ensalada-de-remolacha\/\"><img decoding=\"async\" width=\"1600\" height=\"900\" loading=\"lazy\" src=\"https:\/\/lareiras.gal\/wp-content\/uploads\/2021\/03\/ensalada-remolacha.jpg\" alt=\"Ensalada de remolacha\" class=\"wp-image-1462\" srcset=\"https:\/\/lareiras.gal\/wp-content\/uploads\/2021\/03\/ensalada-remolacha.jpg 1600w, https:\/\/lareiras.gal\/wp-content\/uploads\/2021\/03\/ensalada-remolacha-300x169.jpg 300w, https:\/\/lareiras.gal\/wp-content\/uploads\/2021\/03\/ensalada-remolacha-1024x576.jpg 1024w, https:\/\/lareiras.gal\/wp-content\/uploads\/2021\/03\/ensalada-remolacha-768x432.jpg 768w, https:\/\/lareiras.gal\/wp-content\/uploads\/2021\/03\/ensalada-remolacha-1536x864.jpg 1536w, https:\/\/lareiras.gal\/wp-content\/uploads\/2021\/03\/ensalada-remolacha-480x270.jpg 480w, https:\/\/lareiras.gal\/wp-content\/uploads\/2021\/03\/ensalada-remolacha-1568x882.jpg 1568w\" sizes=\"auto, (max-width: 1600px) 100vw, 1600px\" \/><\/a><\/figure>\n<\/div>\n\n\n<div id=\"tit-receita\" class=\"tb-field\" data-toolset-blocks-field=\"9fae69954c44cf4dbd7bfbb8e6c06272\" data-last-update=\"1.4\"><a href=\"https:\/\/lareiras.gal\/gl\/recipe\/ensalada-de-remolacha\/\">Ensalada de remolacha<\/a><\/div>\n<\/div>\n<\/div>\n\n<\/div><div class=\"tb-grid-column\">\n\n<div class=\"wp-block-toolset-views-view-template-block wpv-block-loop-item php-to-be-replaced-with-shortcode\" data-toolset-views-view-template-block=\"f7624c124cc86336f4acd1682f08ee39\">\n<div id=\"loop-categoria\" class=\"wp-block-toolset-blocks-container tb-container aligncenter\" data-toolset-blocks-container=\"d587e8d66fca6f2f7494ad888340b990\"><div class=\"wp-block-image\">\n<figure class=\" tb-image tb-image-dynamic tb-image-frame-none aligncenter\" data-toolset-blocks-image=\"35b77c28b8db9564e26b90cd1ea3452e\"><a href=\"https:\/\/lareiras.gal\/gl\/recipe\/ensalada-de-xamon-do-pais\/\"><img decoding=\"async\" width=\"1600\" height=\"900\" loading=\"lazy\" src=\"https:\/\/lareiras.gal\/wp-content\/uploads\/2021\/03\/ensalada-jamon.jpg\" alt=\"Ensalada de xam\u00f3n do pa\u00eds\" class=\"wp-image-771\" srcset=\"https:\/\/lareiras.gal\/wp-content\/uploads\/2021\/03\/ensalada-jamon.jpg 1600w, https:\/\/lareiras.gal\/wp-content\/uploads\/2021\/03\/ensalada-jamon-300x169.jpg 300w, https:\/\/lareiras.gal\/wp-content\/uploads\/2021\/03\/ensalada-jamon-1024x576.jpg 1024w, https:\/\/lareiras.gal\/wp-content\/uploads\/2021\/03\/ensalada-jamon-768x432.jpg 768w, https:\/\/lareiras.gal\/wp-content\/uploads\/2021\/03\/ensalada-jamon-1536x864.jpg 1536w, https:\/\/lareiras.gal\/wp-content\/uploads\/2021\/03\/ensalada-jamon-480x270.jpg 480w, https:\/\/lareiras.gal\/wp-content\/uploads\/2021\/03\/ensalada-jamon-1568x882.jpg 1568w\" sizes=\"auto, (max-width: 1600px) 100vw, 1600px\" \/><\/a><\/figure>\n<\/div>\n\n\n<div id=\"tit-receita\" class=\"tb-field\" data-toolset-blocks-field=\"9fae69954c44cf4dbd7bfbb8e6c06272\" data-last-update=\"1.4\"><a href=\"https:\/\/lareiras.gal\/gl\/recipe\/ensalada-de-xamon-do-pais\/\">Ensalada de xam\u00f3n do pa\u00eds<\/a><\/div>\n<\/div>\n<\/div>\n\n<\/div><\/div><\/div>\n\n\n<div class=\"wpv-pagination-nav-links aligncenter\" data-toolset-views-view-pagination-block=\"0add71f68d6d57967ed7f6155d432877\"><ul class=\"wpv-pagination-nav-links-container js-wpv-pagination-nav-links-container pagination\"><li class=\"wpv-pagination-nav-links-item js-wpv-pagination-nav-links-item page-item wpv-page-link-7479-1 js-wpv-page-link-7479-1 wpv_page_current wpv-pagination-nav-links-item-current active\"><span class=\"wpv-filter-pagination-link page-link\">1<\/span><\/li><li class=\"wpv-pagination-nav-links-item js-wpv-pagination-nav-links-item page-item wpv-page-link-7479-2 js-wpv-page-link-7479-2\"><a class=\"wpv-filter-pagination-link js-wpv-pagination-link page-link\" title=\"2\" href=\"\/gl\/wp-json\/wp\/v2\/pages\/13308?wpv_view_count=7479&#038;wpv_paged=2\" data-viewnumber=\"7479\" data-page=\"2\">2<\/a><\/li><\/ul><\/div>\n\n<\/div><\/div><form autocomplete=\"off\" name=\"wpv-filter-7479\" action=\"\/gl\/wp-json\/wp\/v2\/pages\/13308?wpv_view_count=7479\" method=\"get\" class=\"wpv-filter-form js-wpv-filter-form js-wpv-filter-form-7479 js-wpv-form-full\" data-viewnumber=\"7479\" data-viewid=\"7479\" data-viewhash=\"eyJuYW1lIjoicmVjZXRhcy1wb3N0cmVzLWNvcHktMTY1NDkwMDgwNCJ9\" data-viewwidgetid=\"0\" data-orderby=\"\" data-order=\"\" data-orderbyas=\"\" data-orderbysecond=\"\" data-ordersecond=\"\" data-parametric=\"{&quot;query&quot;:&quot;normal&quot;,&quot;id&quot;:7479,&quot;view_id&quot;:7479,&quot;widget_id&quot;:0,&quot;view_hash&quot;:&quot;7479&quot;,&quot;action&quot;:&quot;\\\/gl\\\/wp-json\\\/wp\\\/v2\\\/pages\\\/13308?wpv_view_count=7479&quot;,&quot;sort&quot;:{&quot;orderby&quot;:&quot;&quot;,&quot;order&quot;:&quot;&quot;,&quot;orderby_as&quot;:&quot;&quot;,&quot;orderby_second&quot;:&quot;&quot;,&quot;order_second&quot;:&quot;&quot;},&quot;orderby&quot;:&quot;&quot;,&quot;order&quot;:&quot;&quot;,&quot;orderby_as&quot;:&quot;&quot;,&quot;orderby_second&quot;:&quot;&quot;,&quot;order_second&quot;:&quot;&quot;,&quot;ajax_form&quot;:&quot;&quot;,&quot;ajax_results&quot;:&quot;&quot;,&quot;effect&quot;:&quot;fade&quot;,&quot;prebefore&quot;:&quot;&quot;,&quot;before&quot;:&quot;&quot;,&quot;after&quot;:&quot;&quot;,&quot;attributes&quot;:[],&quot;environment&quot;:{&quot;current_post_id&quot;:13308,&quot;parent_post_id&quot;:13308,&quot;parent_term_id&quot;:0,&quot;parent_user_id&quot;:0,&quot;archive&quot;:{&quot;type&quot;:&quot;&quot;,&quot;name&quot;:&quot;&quot;,&quot;data&quot;:[]}},&quot;loop&quot;:{&quot;type&quot;:&quot;&quot;,&quot;name&quot;:&quot;&quot;,&quot;data&quot;:[],&quot;id&quot;:0}}\" data-attributes=\"[]\" data-environment=\"{&quot;current_post_id&quot;:13308,&quot;parent_post_id&quot;:13308,&quot;parent_term_id&quot;:0,&quot;parent_user_id&quot;:0,&quot;archive&quot;:{&quot;type&quot;:&quot;&quot;,&quot;name&quot;:&quot;&quot;,&quot;data&quot;:[]}}\"><input type=\"hidden\" class=\"js-wpv-dps-filter-data js-wpv-filter-data-for-this-form\" data-action=\"\/gl\/wp-json\/wp\/v2\/pages\/13308?wpv_view_count=7479\" data-page=\"1\" data-ajax=\"disable\" data-effect=\"fade\" data-maxpages=\"2\" data-ajaxprebefore=\"\" data-ajaxbefore=\"\" data-ajaxafter=\"\" \/><input class=\"wpv_view_count wpv_view_count-7479\" type=\"hidden\" name=\"wpv_view_count\" value=\"7479\" \/>\n\n<\/form><\/div>","protected":false},"excerpt":{"rendered":"","protected":false},"author":1,"featured_media":0,"parent":0,"menu_order":0,"comment_status":"closed","ping_status":"closed","template":"","meta":{"wprm-recipe-roundup-name":"","wprm-recipe-roundup-description":"","site-sidebar-layout":"default","site-content-layout":"","ast-site-content-layout":"default","site-content-style":"default","site-sidebar-style":"default","ast-global-header-display":"","ast-banner-title-visibility":"","ast-main-header-display":"","ast-hfb-above-header-display":"","ast-hfb-below-header-display":"","ast-hfb-mobile-header-display":"","site-post-title":"","ast-breadcrumbs-content":"","ast-featured-img":"","footer-sml-layout":"","ast-disable-related-posts":"","theme-transparent-header-meta":"","adv-header-id-meta":"","stick-header-meta":"","header-above-stick-meta":"","header-main-stick-meta":"","header-below-stick-meta":"","astra-migrate-meta-layouts":"default","ast-page-background-enabled":"default","ast-page-background-meta":{"desktop":{"background-color":"var(--ast-global-color-4)","background-image":"","background-repeat":"repeat","background-position":"center center","background-size":"auto","background-attachment":"scroll","background-type":"","background-media":"","overlay-type":"","overlay-color":"","overlay-opacity":"","overlay-gradient":""},"tablet":{"background-color":"","background-image":"","background-repeat":"repeat","background-position":"center center","background-size":"auto","background-attachment":"scroll","background-type":"","background-media":"","overlay-type":"","overlay-color":"","overlay-opacity":"","overlay-gradient":""},"mobile":{"background-color":"","background-image":"","background-repeat":"repeat","background-position":"center center","background-size":"auto","background-attachment":"scroll","background-type":"","background-media":"","overlay-type":"","overlay-color":"","overlay-opacity":"","overlay-gradient":""}},"ast-content-background-meta":{"desktop":{"background-color":"var(--ast-global-color-5)","background-image":"","background-repeat":"repeat","background-position":"center center","background-size":"auto","background-attachment":"scroll","background-type":"","background-media":"","overlay-type":"","overlay-color":"","overlay-opacity":"","overlay-gradient":""},"tablet":{"background-color":"var(--ast-global-color-5)","background-image":"","background-repeat":"repeat","background-position":"center center","background-size":"auto","background-attachment":"scroll","background-type":"","background-media":"","overlay-type":"","overlay-color":"","overlay-opacity":"","overlay-gradient":""},"mobile":{"background-color":"var(--ast-global-color-5)","background-image":"","background-repeat":"repeat","background-position":"center center","background-size":"auto","background-attachment":"scroll","background-type":"","background-media":"","overlay-type":"","overlay-color":"","overlay-opacity":"","overlay-gradient":""}},"footnotes":""},"class_list":["post-13308","page","type-page","status-publish","hentry"],"yoast_head":"<!-- This site is optimized with the Yoast SEO plugin v26.8 - https:\/\/yoast.com\/product\/yoast-seo-wordpress\/ -->\n<title>Receitas - Vexetais | Lareira<\/title>\n<meta name=\"robots\" content=\"index, follow, max-snippet:-1, max-image-preview:large, max-video-preview:-1\" \/>\n<link rel=\"canonical\" href=\"https:\/\/lareiras.gal\/gl\/receitas-vexetais\/\" \/>\n<meta property=\"og:locale\" content=\"gl_ES\" \/>\n<meta property=\"og:type\" content=\"article\" \/>\n<meta property=\"og:title\" content=\"Receitas - Vexetais | Lareira\" \/>\n<meta property=\"og:url\" content=\"https:\/\/lareiras.gal\/gl\/receitas-vexetais\/\" \/>\n<meta property=\"og:site_name\" content=\"Lareira\" \/>\n<meta property=\"article:modified_time\" content=\"2022-09-12T12:44:36+00:00\" \/>\n<meta name=\"twitter:card\" content=\"summary_large_image\" \/>\n<script type=\"application\/ld+json\" class=\"yoast-schema-graph\">{\"@context\":\"https:\/\/schema.org\",\"@graph\":[{\"@type\":\"WebPage\",\"@id\":\"https:\/\/lareiras.gal\/gl\/receitas-vexetais\/\",\"url\":\"https:\/\/lareiras.gal\/gl\/receitas-vexetais\/\",\"name\":\"Receitas - Vexetais | Lareira\",\"isPartOf\":{\"@id\":\"https:\/\/lareiras.gal\/gl\/#website\"},\"datePublished\":\"2022-06-09T21:08:23+00:00\",\"dateModified\":\"2022-09-12T12:44:36+00:00\",\"breadcrumb\":{\"@id\":\"https:\/\/lareiras.gal\/gl\/receitas-vexetais\/#breadcrumb\"},\"inLanguage\":\"gl-ES\",\"potentialAction\":[{\"@type\":\"ReadAction\",\"target\":[\"https:\/\/lareiras.gal\/gl\/receitas-vexetais\/\"]}]},{\"@type\":\"BreadcrumbList\",\"@id\":\"https:\/\/lareiras.gal\/gl\/receitas-vexetais\/#breadcrumb\",\"itemListElement\":[{\"@type\":\"ListItem\",\"position\":1,\"name\":\"Portada\",\"item\":\"https:\/\/lareiras.gal\/gl\/\"},{\"@type\":\"ListItem\",\"position\":2,\"name\":\"Receitas &#8211; Vexetais\"}]},{\"@type\":\"WebSite\",\"@id\":\"https:\/\/lareiras.gal\/gl\/#website\",\"url\":\"https:\/\/lareiras.gal\/gl\/\",\"name\":\"Lareira\",\"description\":\"Coci\u00f1ar en Galicia\",\"publisher\":{\"@id\":\"https:\/\/lareiras.gal\/gl\/#organization\"},\"potentialAction\":[{\"@type\":\"SearchAction\",\"target\":{\"@type\":\"EntryPoint\",\"urlTemplate\":\"https:\/\/lareiras.gal\/gl\/?s={search_term_string}\"},\"query-input\":{\"@type\":\"PropertyValueSpecification\",\"valueRequired\":true,\"valueName\":\"search_term_string\"}}],\"inLanguage\":\"gl-ES\"},{\"@type\":\"Organization\",\"@id\":\"https:\/\/lareiras.gal\/gl\/#organization\",\"name\":\"Lareira\",\"url\":\"https:\/\/lareiras.gal\/gl\/\",\"logo\":{\"@type\":\"ImageObject\",\"inLanguage\":\"gl-ES\",\"@id\":\"https:\/\/lareiras.gal\/gl\/#\/schema\/logo\/image\/\",\"url\":\"https:\/\/lareiras.gal\/wp-content\/uploads\/2022\/09\/logo-con-letra.svg\",\"contentUrl\":\"https:\/\/lareiras.gal\/wp-content\/uploads\/2022\/09\/logo-con-letra.svg\",\"width\":502,\"height\":502,\"caption\":\"Lareira\"},\"image\":{\"@id\":\"https:\/\/lareiras.gal\/gl\/#\/schema\/logo\/image\/\"}}]}<\/script>\n<!-- \/ Yoast SEO plugin. -->","yoast_head_json":{"title":"Receitas - Vexetais | Lareira","robots":{"index":"index","follow":"follow","max-snippet":"max-snippet:-1","max-image-preview":"max-image-preview:large","max-video-preview":"max-video-preview:-1"},"canonical":"https:\/\/lareiras.gal\/gl\/receitas-vexetais\/","og_locale":"gl_ES","og_type":"article","og_title":"Receitas - Vexetais | Lareira","og_url":"https:\/\/lareiras.gal\/gl\/receitas-vexetais\/","og_site_name":"Lareira","article_modified_time":"2022-09-12T12:44:36+00:00","twitter_card":"summary_large_image","schema":{"@context":"https:\/\/schema.org","@graph":[{"@type":"WebPage","@id":"https:\/\/lareiras.gal\/gl\/receitas-vexetais\/","url":"https:\/\/lareiras.gal\/gl\/receitas-vexetais\/","name":"Receitas - Vexetais | Lareira","isPartOf":{"@id":"https:\/\/lareiras.gal\/gl\/#website"},"datePublished":"2022-06-09T21:08:23+00:00","dateModified":"2022-09-12T12:44:36+00:00","breadcrumb":{"@id":"https:\/\/lareiras.gal\/gl\/receitas-vexetais\/#breadcrumb"},"inLanguage":"gl-ES","potentialAction":[{"@type":"ReadAction","target":["https:\/\/lareiras.gal\/gl\/receitas-vexetais\/"]}]},{"@type":"BreadcrumbList","@id":"https:\/\/lareiras.gal\/gl\/receitas-vexetais\/#breadcrumb","itemListElement":[{"@type":"ListItem","position":1,"name":"Portada","item":"https:\/\/lareiras.gal\/gl\/"},{"@type":"ListItem","position":2,"name":"Receitas &#8211; Vexetais"}]},{"@type":"WebSite","@id":"https:\/\/lareiras.gal\/gl\/#website","url":"https:\/\/lareiras.gal\/gl\/","name":"Lareira","description":"Coci\u00f1ar en Galicia","publisher":{"@id":"https:\/\/lareiras.gal\/gl\/#organization"},"potentialAction":[{"@type":"SearchAction","target":{"@type":"EntryPoint","urlTemplate":"https:\/\/lareiras.gal\/gl\/?s={search_term_string}"},"query-input":{"@type":"PropertyValueSpecification","valueRequired":true,"valueName":"search_term_string"}}],"inLanguage":"gl-ES"},{"@type":"Organization","@id":"https:\/\/lareiras.gal\/gl\/#organization","name":"Lareira","url":"https:\/\/lareiras.gal\/gl\/","logo":{"@type":"ImageObject","inLanguage":"gl-ES","@id":"https:\/\/lareiras.gal\/gl\/#\/schema\/logo\/image\/","url":"https:\/\/lareiras.gal\/wp-content\/uploads\/2022\/09\/logo-con-letra.svg","contentUrl":"https:\/\/lareiras.gal\/wp-content\/uploads\/2022\/09\/logo-con-letra.svg","width":502,"height":502,"caption":"Lareira"},"image":{"@id":"https:\/\/lareiras.gal\/gl\/#\/schema\/logo\/image\/"}}]}},"_links":{"self":[{"href":"https:\/\/lareiras.gal\/gl\/wp-json\/wp\/v2\/pages\/13308","targetHints":{"allow":["GET"]}}],"collection":[{"href":"https:\/\/lareiras.gal\/gl\/wp-json\/wp\/v2\/pages"}],"about":[{"href":"https:\/\/lareiras.gal\/gl\/wp-json\/wp\/v2\/types\/page"}],"author":[{"embeddable":true,"href":"https:\/\/lareiras.gal\/gl\/wp-json\/wp\/v2\/users\/1"}],"replies":[{"embeddable":true,"href":"https:\/\/lareiras.gal\/gl\/wp-json\/wp\/v2\/comments?post=13308"}],"version-history":[{"count":0,"href":"https:\/\/lareiras.gal\/gl\/wp-json\/wp\/v2\/pages\/13308\/revisions"}],"wp:attachment":[{"href":"https:\/\/lareiras.gal\/gl\/wp-json\/wp\/v2\/media?parent=13308"}],"curies":[{"name":"wp","href":"https:\/\/api.w.org\/{rel}","templated":true}]}}